{"id":64,"date":"2023-07-26T14:28:00","date_gmt":"2023-07-26T12:28:00","guid":{"rendered":"http:\/\/alialaoui.com\/?page_id=64"},"modified":"2025-09-21T10:00:36","modified_gmt":"2025-09-21T08:00:36","slug":"cours-darabe-dialectal-marocain","status":"publish","type":"page","link":"https:\/\/alialaoui.com\/?page_id=64","title":{"rendered":"COURS DE LANGUE ARABE"},"content":{"rendered":"\n<p class=\"has-black-color has-luminous-vivid-amber-background-color has-text-color has-background\"><strong>DIALECTAL MAROCAIN<\/strong><\/p>\n\n\n\n<p class=\"has-black-color has-light-green-cyan-background-color has-text-color has-background\"><strong>MERCREDI<\/strong> <strong>17h15-18h30 : <\/strong>Cours de langue arabe dialectal marocain&nbsp;(niveau d\u00e9butant 1\u00e8re et 2\u00e8me ann\u00e9e) <strong>Maison de quartier La Vache<\/strong><\/p>\n\n\n\n<blockquote class=\"wp-block-quote is-layout-flow wp-block-quote-is-layout-flow\">\n<p>D\u00e9but des cours : mercredi 1er octobre 2025<\/p>\n<\/blockquote>\n\n\n\n<p class=\"has-black-color has-luminous-vivid-amber-background-color has-text-color has-background\"><strong>ARABE LITTERAL<\/strong><\/p>\n\n\n\n<p class=\"has-black-color has-light-green-cyan-background-color has-text-color has-background\"><strong>LUNDI 17h15-18h30<\/strong> : Cours de langue arabe litt\u00e9ral (niveau interm\u00e9diaire 3\u00e8me ann\u00e9e) <strong>Local A Cot\u00e9<\/strong><\/p>\n\n\n\n<p>D\u00e9but des cours le lundi 29 septembre 2025<\/p>\n\n\n\n<p class=\"has-black-color has-light-green-cyan-background-color has-text-color has-background\"><strong>MERCREDI<\/strong> <strong>18h45-20h : <\/strong>Cours de langue arabe litt\u00e9ral (niveau d\u00e9butant 1\u00e8re ann\u00e9e) <strong>Maison de quartier La Vache<\/strong><\/p>\n\n\n\n<p>D\u00e9but des cours le mercredi 1 octobre 2025<\/p>\n\n\n\n<figure class=\"wp-block-image size-large is-resized\"><img decoding=\"async\" src=\"https:\/\/www.pepsdom.fr\/oc-content\/uploads\/1194\/2307.jpg\" alt=\"\" style=\"width:839px;height:631px\"\/><\/figure>\n\n\n\n<p>L&rsquo;enseignant est un retrait\u00e9 de l&rsquo;enseignement public, primaire et secondaire. De formation bilingue, il a enseign\u00e9 le fran\u00e7ais langue \u00e9trang\u00e8re puis l&rsquo;arabe. Son enseignement s&rsquo;inscrit r\u00e9solument dans le Cadre europ\u00e9en des Langues vivantes, niveaux A1, A2, B1, et B2.<\/p>\n\n\n<div class=\"wp-block-image\">\n<figure class=\"aligncenter size-full\"><a href=\"https:\/\/alialaoui.com\/wp-content\/uploads\/2025\/09\/COURS-COLLECTIFS.jpg\"><img loading=\"lazy\" decoding=\"async\" width=\"670\" height=\"512\" src=\"https:\/\/alialaoui.com\/wp-content\/uploads\/2025\/09\/COURS-COLLECTIFS.jpg\" alt=\"\" class=\"wp-image-3237\" srcset=\"https:\/\/alialaoui.com\/wp-content\/uploads\/2025\/09\/COURS-COLLECTIFS.jpg 670w, https:\/\/alialaoui.com\/wp-content\/uploads\/2025\/09\/COURS-COLLECTIFS-300x229.jpg 300w\" sizes=\"auto, (max-width: 670px) 100vw, 670px\" \/><\/a><\/figure><\/div>\n\n\n<p><\/p>\n","protected":false},"excerpt":{"rendered":"<p>DIALECTAL MAROCAIN MERCREDI 17h15-18h30 : Cours de langue arabe dialectal marocain&nbsp;(niveau d\u00e9butant 1\u00e8re et 2\u00e8me ann\u00e9e) Maison de quartier La Vache D\u00e9but des cours : mercredi 1er octobre 2025 ARABE LITTERAL LUNDI 17h15-18h30 : Cours de langue arabe litt\u00e9ral (niveau interm\u00e9diaire 3\u00e8me ann\u00e9e) Local A Cot\u00e9 D\u00e9but des cours le lundi 29 septembre 2025 MERCREDI [&hellip;]<\/p>\n","protected":false},"author":3,"featured_media":0,"parent":0,"menu_order":0,"comment_status":"closed","ping_status":"open","template":"","meta":{"footnotes":""},"class_list":["post-64","page","type-page","status-publish","hentry"],"_links":{"self":[{"href":"https:\/\/alialaoui.com\/index.php?rest_route=\/wp\/v2\/pages\/64","targetHints":{"allow":["GET"]}}],"collection":[{"href":"https:\/\/alialaoui.com\/index.php?rest_route=\/wp\/v2\/pages"}],"about":[{"href":"https:\/\/alialaoui.com\/index.php?rest_route=\/wp\/v2\/types\/page"}],"author":[{"embeddable":true,"href":"https:\/\/alialaoui.com\/index.php?rest_route=\/wp\/v2\/users\/3"}],"replies":[{"embeddable":true,"href":"https:\/\/alialaoui.com\/index.php?rest_route=%2Fwp%2Fv2%2Fcomments&post=64"}],"version-history":[{"count":26,"href":"https:\/\/alialaoui.com\/index.php?rest_route=\/wp\/v2\/pages\/64\/revisions"}],"predecessor-version":[{"id":3310,"href":"https:\/\/alialaoui.com\/index.php?rest_route=\/wp\/v2\/pages\/64\/revisions\/3310"}],"wp:attachment":[{"href":"https:\/\/alialaoui.com\/index.php?rest_route=%2Fwp%2Fv2%2Fmedia&parent=64"}],"curies":[{"name":"wp","href":"https:\/\/api.w.org\/{rel}","templated":true}]}}